{"id":81,"date":"2014-03-27T11:22:44","date_gmt":"2014-03-27T11:22:44","guid":{"rendered":"http:\/\/www.ezkabarte.es\/?page_id=81"},"modified":"2023-08-10T13:05:06","modified_gmt":"2023-08-10T11:05:06","slug":"oricain","status":"publish","type":"page","link":"http:\/\/www.ezkabarte.es\/eu\/lugar-y-gentes\/lugares\/oricain\/","title":{"rendered":"Orikain"},"content":{"rendered":"<p><\/p>\n<h3>INTERESEKO DATUAK<\/h3>\n<ul>\n<li><strong>Historia kategoria:<\/strong> Tokia<\/li>\n<li><strong>Administrazio kategoria: K<\/strong>ontzejua<\/li>\n<li><strong>Presidentea:<\/strong> Javier Rubio Vela<\/li>\n<li><strong>Kideak:<\/strong> Belen Guillen Ardanaz, Pilar Ardanaz Amezqueta eta Pedro Burgui Sendoa.<\/li>\n<li><strong>Auzitegi barrutia:<\/strong> Iru\u00f1ea<\/li>\n<li><strong>Merindadea: <\/strong>Iru\u00f1ea<\/li>\n<li><strong>Mankomunitatea:<\/strong> Iru\u00f1erria<\/li>\n<li><strong>Populazioa:<\/strong> 116 biztanle<\/li>\n<li><strong>Azalera:<\/strong> 1,5 Km \u00b2<\/li>\n<li><strong>Komunikazioak: I<\/strong>ru\u00f1ea &#8211; Behobia \u00a0N121-tik.<\/li>\n<\/ul>\n<p>KOKAPENA<\/p>\n<p>Alde zaharra \u00a0gain batean dago Iru\u00f1etik 7 Km.etara.<\/p>\n<p>FESTAK<\/p>\n<p>Done Jakue egunaren, Uztailaren 25an.<\/p>","protected":false},"excerpt":{"rendered":"<p>INTERESEKO DATUAK Historia kategoria: Tokia Administrazio kategoria: Kontzejua Presidentea: Javier Rubio Vela Kideak: Belen Guillen Ardanaz, Pilar Ardanaz Amezqueta eta Pedro Burgui Sendoa. Auzitegi barrutia: Iru\u00f1ea Merindadea: Iru\u00f1ea Mankomunitatea: Iru\u00f1erria Populazioa: 116 biztanle Azalera: 1,5 Km \u00b2 Komunikazioak: Iru\u00f1ea &#8211;&hellip; <\/p>\n","protected":false},"author":1,"featured_media":0,"parent":72,"menu_order":9,"comment_status":"closed","ping_status":"closed","template":"","meta":{"_monsterinsights_skip_tracking":false,"_monsterinsights_sitenote_active":false,"_monsterinsights_sitenote_note":"","_monsterinsights_sitenote_category":0,"footnotes":""},"class_list":["post-81","page","type-page","status-publish","hentry"],"yoast_head":"<!-- This site is optimized with the Yoast SEO plugin v26.8 - https:\/\/yoast.com\/product\/yoast-seo-wordpress\/ -->\r\n<title>Orikain - Ayuntamiento de Ezcabarte \/ Ezkabarteko Udala<\/title>\r\n<meta name=\"robots\" content=\"index, follow, max-snippet:-1, max-image-preview:large, max-video-preview:-1\" \/>\r\n<link rel=\"canonical\" href=\"http:\/\/www.ezkabarte.es\/eu\/lugar-y-gentes\/lugares\/oricain\/\" \/>\r\n<meta property=\"og:locale\" content=\"en_US\" \/>\r\n<meta property=\"og:type\" content=\"article\" \/>\r\n<meta property=\"og:title\" content=\"Orikain - Ayuntamiento de Ezcabarte \/ Ezkabarteko Udala\" \/>\r\n<meta property=\"og:description\" content=\"INTERESEKO DATUAK Historia kategoria: Tokia Administrazio kategoria: Kontzejua Presidentea: Javier Rubio Vela Kideak: Belen Guillen Ardanaz, Pilar Ardanaz Amezqueta eta Pedro Burgui Sendoa. Auzitegi barrutia: Iru\u00f1ea Merindadea: Iru\u00f1ea Mankomunitatea: Iru\u00f1erria Populazioa: 116 biztanle Azalera: 1,5 Km \u00b2 Komunikazioak: Iru\u00f1ea &#8211;&hellip;\" \/>\r\n<meta property=\"og:url\" content=\"http:\/\/www.ezkabarte.es\/eu\/lugar-y-gentes\/lugares\/oricain\/\" \/>\r\n<meta property=\"og:site_name\" content=\"Ayuntamiento de Ezcabarte \/ Ezkabarteko Udala\" \/>\r\n<meta property=\"article:modified_time\" content=\"2023-08-10T11:05:06+00:00\" \/>\r\n<meta name=\"twitter:card\" content=\"summary_large_image\" \/>\r\n<meta name=\"twitter:label1\" content=\"Est. reading time\" \/>\n\t<meta name=\"twitter:data1\" content=\"1 minutua\" \/>\r\n<script type=\"application\/ld+json\" class=\"yoast-schema-graph\">{\"@context\":\"https:\/\/schema.org\",\"@graph\":[{\"@type\":\"WebPage\",\"@id\":\"http:\/\/www.ezkabarte.es\/eu\/lugar-y-gentes\/lugares\/oricain\/\",\"url\":\"http:\/\/www.ezkabarte.es\/eu\/lugar-y-gentes\/lugares\/oricain\/\",\"name\":\"Orikain - Ayuntamiento de Ezcabarte \/ Ezkabarteko Udala\",\"isPartOf\":{\"@id\":\"http:\/\/www.ezkabarte.es\/eu\/#website\"},\"datePublished\":\"2014-03-27T11:22:44+00:00\",\"dateModified\":\"2023-08-10T11:05:06+00:00\",\"breadcrumb\":{\"@id\":\"http:\/\/www.ezkabarte.es\/eu\/lugar-y-gentes\/lugares\/oricain\/#breadcrumb\"},\"inLanguage\":\"eu\",\"potentialAction\":[{\"@type\":\"ReadAction\",\"target\":[[\"http:\/\/www.ezkabarte.es\/eu\/lugar-y-gentes\/lugares\/oricain\/\"]]}]},{\"@type\":\"BreadcrumbList\",\"@id\":\"http:\/\/www.ezkabarte.es\/eu\/lugar-y-gentes\/lugares\/oricain\/#breadcrumb\",\"itemListElement\":[{\"@type\":\"ListItem\",\"position\":1,\"name\":\"Portada\",\"item\":\"http:\/\/www.ezkabarte.es\/eu\/\"},{\"@type\":\"ListItem\",\"position\":2,\"name\":\"Lugar y Gentes\",\"item\":\"http:\/\/www.ezkabarte.es\/eu\/lugar-y-gentes\/\"},{\"@type\":\"ListItem\",\"position\":3,\"name\":\"Lugares\",\"item\":\"http:\/\/www.ezkabarte.es\/eu\/lugar-y-gentes\/lugares\/\"},{\"@type\":\"ListItem\",\"position\":4,\"name\":\"Oric\u00e1in\"}]},{\"@type\":\"WebSite\",\"@id\":\"http:\/\/www.ezkabarte.es\/eu\/#website\",\"url\":\"http:\/\/www.ezkabarte.es\/eu\/\",\"name\":\"Ayuntamiento de Ezcabarte \/ Ezkabarteko Udala\",\"description\":\"Ezkabarteko Udala\",\"potentialAction\":[{\"@type\":\"SearchAction\",\"target\":{\"@type\":\"EntryPoint\",\"urlTemplate\":\"http:\/\/www.ezkabarte.es\/eu\/?s={search_term_string}\"},\"query-input\":{\"@type\":\"PropertyValueSpecification\",\"valueRequired\":true,\"valueName\":\"search_term_string\"}}],\"inLanguage\":\"eu\"}]}<\/script>\r\n<!-- \/ Yoast SEO plugin. -->","yoast_head_json":{"title":"Orikain - Ayuntamiento de Ezcabarte \/ Ezkabarteko Udala","robots":{"index":"index","follow":"follow","max-snippet":"max-snippet:-1","max-image-preview":"max-image-preview:large","max-video-preview":"max-video-preview:-1"},"canonical":"http:\/\/www.ezkabarte.es\/eu\/lugar-y-gentes\/lugares\/oricain\/","og_locale":"en_US","og_type":"article","og_title":"Orikain - Ayuntamiento de Ezcabarte \/ Ezkabarteko Udala","og_description":"INTERESEKO DATUAK Historia kategoria: Tokia Administrazio kategoria: Kontzejua Presidentea: Javier Rubio Vela Kideak: Belen Guillen Ardanaz, Pilar Ardanaz Amezqueta eta Pedro Burgui Sendoa. Auzitegi barrutia: Iru\u00f1ea Merindadea: Iru\u00f1ea Mankomunitatea: Iru\u00f1erria Populazioa: 116 biztanle Azalera: 1,5 Km \u00b2 Komunikazioak: Iru\u00f1ea &#8211;&hellip;","og_url":"http:\/\/www.ezkabarte.es\/eu\/lugar-y-gentes\/lugares\/oricain\/","og_site_name":"Ayuntamiento de Ezcabarte \/ Ezkabarteko Udala","article_modified_time":"2023-08-10T11:05:06+00:00","twitter_card":"summary_large_image","twitter_misc":{"Est. reading time":"1 minutua"},"schema":{"@context":"https:\/\/schema.org","@graph":[{"@type":"WebPage","@id":"http:\/\/www.ezkabarte.es\/eu\/lugar-y-gentes\/lugares\/oricain\/","url":"http:\/\/www.ezkabarte.es\/eu\/lugar-y-gentes\/lugares\/oricain\/","name":"Orikain - Ayuntamiento de Ezcabarte \/ Ezkabarteko Udala","isPartOf":{"@id":"http:\/\/www.ezkabarte.es\/eu\/#website"},"datePublished":"2014-03-27T11:22:44+00:00","dateModified":"2023-08-10T11:05:06+00:00","breadcrumb":{"@id":"http:\/\/www.ezkabarte.es\/eu\/lugar-y-gentes\/lugares\/oricain\/#breadcrumb"},"inLanguage":"eu","potentialAction":[{"@type":"ReadAction","target":[["http:\/\/www.ezkabarte.es\/eu\/lugar-y-gentes\/lugares\/oricain\/"]]}]},{"@type":"BreadcrumbList","@id":"http:\/\/www.ezkabarte.es\/eu\/lugar-y-gentes\/lugares\/oricain\/#breadcrumb","itemListElement":[{"@type":"ListItem","position":1,"name":"Portada","item":"http:\/\/www.ezkabarte.es\/eu\/"},{"@type":"ListItem","position":2,"name":"Lugar y Gentes","item":"http:\/\/www.ezkabarte.es\/eu\/lugar-y-gentes\/"},{"@type":"ListItem","position":3,"name":"Lugares","item":"http:\/\/www.ezkabarte.es\/eu\/lugar-y-gentes\/lugares\/"},{"@type":"ListItem","position":4,"name":"Oric\u00e1in"}]},{"@type":"WebSite","@id":"http:\/\/www.ezkabarte.es\/eu\/#website","url":"http:\/\/www.ezkabarte.es\/eu\/","name":"Ayuntamiento de Ezcabarte \/ Ezkabarteko Udala","description":"Ezkabarteko Udala","potentialAction":[{"@type":"SearchAction","target":{"@type":"EntryPoint","urlTemplate":"http:\/\/www.ezkabarte.es\/eu\/?s={search_term_string}"},"query-input":{"@type":"PropertyValueSpecification","valueRequired":true,"valueName":"search_term_string"}}],"inLanguage":"eu"}]}},"_links":{"self":[{"href":"http:\/\/www.ezkabarte.es\/eu\/wp-json\/wp\/v2\/pages\/81","targetHints":{"allow":["GET"]}}],"collection":[{"href":"http:\/\/www.ezkabarte.es\/eu\/wp-json\/wp\/v2\/pages"}],"about":[{"href":"http:\/\/www.ezkabarte.es\/eu\/wp-json\/wp\/v2\/types\/page"}],"author":[{"embeddable":true,"href":"http:\/\/www.ezkabarte.es\/eu\/wp-json\/wp\/v2\/users\/1"}],"replies":[{"embeddable":true,"href":"http:\/\/www.ezkabarte.es\/eu\/wp-json\/wp\/v2\/comments?post=81"}],"version-history":[{"count":2,"href":"http:\/\/www.ezkabarte.es\/eu\/wp-json\/wp\/v2\/pages\/81\/revisions"}],"predecessor-version":[{"id":11527,"href":"http:\/\/www.ezkabarte.es\/eu\/wp-json\/wp\/v2\/pages\/81\/revisions\/11527"}],"up":[{"embeddable":true,"href":"http:\/\/www.ezkabarte.es\/eu\/wp-json\/wp\/v2\/pages\/72"}],"wp:attachment":[{"href":"http:\/\/www.ezkabarte.es\/eu\/wp-json\/wp\/v2\/media?parent=81"}],"curies":[{"name":"wp","href":"https:\/\/api.w.org\/{rel}","templated":true}]}}